{"id":458,"date":"2026-05-03T20:11:19","date_gmt":"2026-05-03T18:11:19","guid":{"rendered":"https:\/\/twenty340.wordpress.com\/?page_id=458"},"modified":"2026-05-03T20:11:19","modified_gmt":"2026-05-03T18:11:19","slug":"nos-liens","status":"publish","type":"page","link":"https:\/\/www.ghete.org\/?page_id=458","title":{"rendered":"Nos liens"},"content":{"rendered":"\n<ul class=\"wp-block-list\">\n<li style=\"margin-top:var(--wp--preset--spacing--10);margin-bottom:var(--wp--preset--spacing--10)\"><a href=\"http:\/\/www.sentiersdudoubs.ch\">Les Sentiers du Doubs<\/a><\/li>\n\n\n\n<li style=\"margin-top:var(--wp--preset--spacing--10);margin-bottom:var(--wp--preset--spacing--10)\"><a href=\"http:\/\/www.cegfc.org\">Cercle d\u2019entraide g\u00e9n\u00e9alogique de Franche-Comt\u00e9<\/a><\/li>\n\n\n\n<li style=\"margin-top:var(--wp--preset--spacing--10);margin-bottom:var(--wp--preset--spacing--10)\"><a href=\"http:\/\/www.cgaeb-jura.ch\">Cercle g\u00e9n\u00e9alogique de l\u2019ancien Ev\u00each\u00e9 de B\u00e2le<\/a><\/li>\n\n\n\n<li style=\"margin-top:var(--wp--preset--spacing--10);margin-bottom:var(--wp--preset--spacing--10)\"><a href=\"http:\/\/schmidverriers.e-monsite.com\">Les Schmid ma\u00eetres-verriers<\/a><\/li>\n\n\n\n<li style=\"margin-top:var(--wp--preset--spacing--10);margin-bottom:var(--wp--preset--spacing--10)\"><a href=\"http:\/\/www.aaeb.ch\/\">Archives de l\u2019ancien Ev\u00each\u00e9 de B\u00e2le (AAEB)<\/a><\/li>\n\n\n\n<li style=\"margin-top:var(--wp--preset--spacing--10);margin-bottom:var(--wp--preset--spacing--10)\"><a href=\"https:\/\/archives.doubs.fr\">Archives d\u00e9partementales du Doubs (ADD)<\/a><\/li>\n\n\n\n<li style=\"margin-top:var(--wp--preset--spacing--10);margin-bottom:var(--wp--preset--spacing--10)\"><a href=\"http:\/\/www.diju.ch\">Le DiJu &#8211; Dictionnaire des personnalit\u00e9s et institutions du Jura CH<\/a><\/li>\n\n\n\n<li style=\"margin-top:var(--wp--preset--spacing--10);margin-bottom:var(--wp--preset--spacing--10)\"><a href=\"https:\/\/www.sje.ch\">La Soci\u00e9t\u00e9 jurassienne d&rsquo;Emulation<\/a><\/li>\n\n\n\n<li style=\"margin-top:var(--wp--preset--spacing--10);margin-bottom:var(--wp--preset--spacing--10)\"><a href=\"http:\/\/www.amis-archives-franche-comte.fr\">Les Amis des Archives de Franche-Comt\u00e9<\/a><\/li>\n\n\n\n<li style=\"margin-top:var(--wp--preset--spacing--10);margin-bottom:var(--wp--preset--spacing--10)\"><a href=\"http:\/\/patrimoine.bourgognefranchecomte.fr\/\">Inventaire et patrimoine en Bourgogne-Franche-Comt\u00e9<\/a><\/li>\n<\/ul>\n\n\n\n<p class=\"wp-block-paragraph\"><\/p>\n","protected":false},"excerpt":{"rendered":"","protected":false},"author":1,"featured_media":0,"parent":0,"menu_order":0,"comment_status":"closed","ping_status":"closed","template":"","meta":{"footnotes":""},"class_list":["post-458","page","type-page","status-publish","hentry"],"_links":{"self":[{"href":"https:\/\/www.ghete.org\/index.php?rest_route=\/wp\/v2\/pages\/458","targetHints":{"allow":["GET"]}}],"collection":[{"href":"https:\/\/www.ghete.org\/index.php?rest_route=\/wp\/v2\/pages"}],"about":[{"href":"https:\/\/www.ghete.org\/index.php?rest_route=\/wp\/v2\/types\/page"}],"author":[{"embeddable":true,"href":"https:\/\/www.ghete.org\/index.php?rest_route=\/wp\/v2\/users\/1"}],"replies":[{"embeddable":true,"href":"https:\/\/www.ghete.org\/index.php?rest_route=%2Fwp%2Fv2%2Fcomments&post=458"}],"version-history":[{"count":0,"href":"https:\/\/www.ghete.org\/index.php?rest_route=\/wp\/v2\/pages\/458\/revisions"}],"wp:attachment":[{"href":"https:\/\/www.ghete.org\/index.php?rest_route=%2Fwp%2Fv2%2Fmedia&parent=458"}],"curies":[{"name":"wp","href":"https:\/\/api.w.org\/{rel}","templated":true}]}}