{"id":461,"date":"2026-05-03T22:11:46","date_gmt":"2026-05-03T20:11:46","guid":{"rendered":"https:\/\/twenty340.wordpress.com\/?page_id=461"},"modified":"2026-07-23T11:52:25","modified_gmt":"2026-07-23T11:52:25","slug":"publications","status":"publish","type":"page","link":"https:\/\/www.ghete.org\/?page_id=461","title":{"rendered":"Publications"},"content":{"rendered":"\n<div class=\"wp-block-group alignwide has-global-padding is-layout-constrained wp-block-group-is-layout-constrained\">\n<p class=\"is-style-default has-contrast-color has-text-color has-link-color has-medium-font-size wp-elements-1 wp-block-paragraph\"><strong>Le Ghete Au Clos du Doubs publie ses travaux dans sa revue bimestrielle et dans des cahiers th\u00e9matiques<\/strong>.<\/p>\n<\/div>\n\n\n\n<h3 class=\"wp-block-heading is-style-asterisk\" style=\"padding-top:var(--wp--preset--spacing--30);padding-bottom:0\"><strong>La revue GHETE Au Clos du Doubs<\/strong><\/h3>\n\n\n\n<p class=\"wp-block-paragraph\">Six fois par ann\u00e9e, le Ghete publie une revue de 24 pages illustr\u00e9es destin\u00e9e \u00e0 ses adh\u00e9rents. On y trouve:<\/p>\n\n\n\n<figure class=\"wp-block-image size-full is-resized\"><img loading=\"lazy\" decoding=\"async\" width=\"500\" height=\"702\" src=\"https:\/\/www.ghete.org\/wp-content\/uploads\/2026\/06\/no_199_p1_image.jpg\" alt=\"\" class=\"wp-image-503\" style=\"aspect-ratio:0.7122362869198312;width:179px;height:auto\" srcset=\"https:\/\/www.ghete.org\/wp-content\/uploads\/2026\/06\/no_199_p1_image.jpg 500w, https:\/\/www.ghete.org\/wp-content\/uploads\/2026\/06\/no_199_p1_image-214x300.jpg 214w\" sizes=\"auto, (max-width: 500px) 100vw, 500px\" \/><\/figure>\n\n\n\n<ul style=\"line-height:2\" class=\"wp-block-list\">\n<li>des pages d\u2019histoire r\u00e9gionale,<\/li>\n\n\n\n<li>des anecdotes en lien avec le Clos du Doubs,<\/li>\n\n\n\n<li>les comptes-rendus des activit\u00e9s de l\u2019association,<\/li>\n\n\n\n<li>des reportages concernant les traditions populaires et les sp\u00e9cificit\u00e9s de la r\u00e9gion,<\/li>\n\n\n\n<li>le coin du patois<\/li>\n\n\n\n<li>des recettes<\/li>\n\n\n\n<li>l\u2019histoire de familles, et des recherches g\u00e9n\u00e9alogiques,<\/li>\n\n\n\n<li>des po\u00e8mes et des chansons,<\/li>\n\n\n\n<li>des dessins originaux<\/li>\n\n\n\n<li>des r\u00e9sum\u00e9s des publications in\u00e9dites touchant la r\u00e9gion (livres, disques, sites internet\u2026),<\/li>\n\n\n\n<li>le calendrier des manifestations au Clos du Doubs et dans les environs.<\/li>\n<\/ul>\n\n\n\n<p class=\"wp-block-paragraph\">Chacun peut proposer une contribution destin\u00e9e \u00e0 la revue.<\/p>\n\n\n\n<p class=\"wp-block-paragraph\">La revue du GHETE fait l\u2019objet d\u2019un d\u00e9p\u00f4t l\u00e9gal aupr\u00e8s de la Biblioth\u00e8que Nationale, \u00e0 Paris, sous le num\u00e9ro ISSN 1292-6957. La direction de la publication est assur\u00e9e par le pr\u00e9sident du GHETE.<\/p>\n\n\n\n<p class=\"wp-block-paragraph\">La revue ne peut pas \u00eatre vendue. Chaque adh\u00e9rent la re\u00e7oit gratuitement.<\/p>\n\n\n\n<p class=\"wp-block-paragraph\">Voir le sommaire de la <a href=\"https:\/\/www.ghete.org\/#actualites\" target=\"_blank\" rel=\"noreferrer noopener\">derni\u00e8re publication &gt;&gt;&gt;<\/a><\/p>\n\n\n\n<h4 class=\"wp-block-heading is-style-default has-custom-color-1-color has-text-color has-link-color has-albert-sans-font-family has-medium-font-size wp-elements-2\"><strong>Le r\u00e9pertoire des articles publi\u00e9s dans notre revue<\/strong>:<\/h4>\n\n\n\n<p class=\"wp-block-paragraph\">Retrouvez rapidement dans quels num\u00e9ros sont parus des articles concernant un sujet particulier: utilisez la fonction de recherche par mot-clef dans votre application pdf, apr\u00e8s t\u00e9l\u00e9chargement de notre r\u00e9pertoire, ici: <a href=\"https:\/\/www.ghete.org\/wp-content\/uploads\/2026\/06\/repertoire_ghete_-1-198-1.pdf\" target=\"_blank\" rel=\"noreferrer noopener nofollow\">>>><\/a><\/p>\n\n\n\n<h3 class=\"wp-block-heading is-style-asterisk has-custom-color-1-color has-text-color has-link-color has-large-font-size wp-elements-3\" style=\"padding-top:var(--wp--preset--spacing--30);padding-bottom:0\"><strong>Les cahiers sp\u00e9ciaux du Ghete<\/strong><\/h3>\n\n\n\n<p class=\"wp-block-paragraph\">Lorsque des \u00e9tudes cons\u00e9quentes sont men\u00e9es sur un sujet, un cahier est publi\u00e9. Les \u00e9ditions suivantes sont \u00e0 disposition des int\u00e9ress\u00e9s (<a href=\"https:\/\/www.ghete.org\/?page_id=440\" target=\"_blank\" rel=\"noreferrer noopener\">nous contacter<\/a>):<\/p>\n\n\n\n<figure class=\"wp-block-image size-full is-resized\"><img loading=\"lazy\" decoding=\"async\" width=\"481\" height=\"693\" src=\"https:\/\/www.ghete.org\/wp-content\/uploads\/2026\/06\/cahier_bois_couv_vignette.jpg\" alt=\"\" class=\"wp-image-506\" style=\"aspect-ratio:0.6940822467402207;width:173px;height:auto\" srcset=\"https:\/\/www.ghete.org\/wp-content\/uploads\/2026\/06\/cahier_bois_couv_vignette.jpg 481w, https:\/\/www.ghete.org\/wp-content\/uploads\/2026\/06\/cahier_bois_couv_vignette-208x300.jpg 208w\" sizes=\"auto, (max-width: 481px) 100vw, 481px\" \/><\/figure>\n\n\n\n<ul class=\"wp-block-list\">\n<li style=\"line-height:2\">Moulins et industries \u00e0 St-Ursanne et environs, co-\u00e9dition Ghete et SJE Porrentruy, coll. L&rsquo;oeil &amp; la m\u00e9moire, 2014, 334 pages reli\u00e9es, 153&#215;222, avec plus de 200 illustrations en couleur. ISBN 978-2-940043-53-8.<\/li>\n\n\n\n<li style=\"line-height:2\">Les Moulins de Soubey, co-\u00e9dition&nbsp; Ghete et SJE Porrentruy, coll. L&rsquo;oeil &amp; la m\u00e9moire, 2004, 190 pages reli\u00e9es, 153&#215;222, avec illustrations en couleur. ISBN 2-940043-26-4.<\/li>\n\n\n\n<li style=\"line-height:2\">Cahier n\u00b0 2: \u00ab\u00a0Indevillers et Chauvilliers : deux villages et leurs gens au XIXe si\u00e8cle\u00a0\u00bb &#8211; 2002 &#8211; 74 pages agraf\u00e9es, 240&#215;296 (\u00e9puis\u00e9)<\/li>\n\n\n\n<li style=\"line-height:2\">Cahier n\u00b0 4: \u00ab\u00a0Verriers et verreries au Clos du Doubs\u00a0\u00bb.<\/li>\n\n\n\n<li style=\"line-height:2\">Cahier n\u00b0 5: \u00ab\u00a0Fermes et familles anabaptistes\u00a0\u00bb&nbsp; &#8211; 2004 &#8211; 104 pages agraf\u00e9es, 240&#215;296 (\u00e9puis\u00e9).<\/li>\n\n\n\n<li style=\"line-height:2\">Cahier n\u00b0 6: \u00ab\u00a0A l\u2019ombre du clocher de Damprichard\u00a0\u00bb&nbsp; &#8211; 2005 &#8211; 190 pages reli\u00e9es, 240&#215;296 (\u00e9puis\u00e9).<\/li>\n\n\n\n<li style=\"line-height:2\">Cahier n\u00b0 7: \u00ab\u00a0Des Bouvier \u00e0 travers l&rsquo;histoire &#8211; Une famille de St-Ursanne, de l&rsquo;\u00e9v\u00each\u00e9 de B\u00e2le au canton du Jura\u00a0\u00bb &#8211; 2008 &#8211; 98 pages reli\u00e9es, 240&#215;296<\/li>\n\n\n\n<li style=\"line-height:2\">Cahier n\u00b0 8: \u00ab\u00a0Un enfant du Clos du Doubs &#8211; Parfait Graizely &#8211; Voltigeur de Napol\u00e9on\u00a0\u00bb&nbsp; &#8211; 2009 &#8211; 126 pages reli\u00e9es, 240&#215;296.<\/li>\n\n\n\n<li style=\"line-height:2\">Cahier n\u00b0 9: Histoires d&rsquo;eau au Clos du Doubs &#8211; 2011 &#8211; 171 pages reli\u00e9es, 240&#215;296, avec illustrations en couleur.<\/li>\n\n\n\n<li style=\"line-height:2\">Cahier n\u00b0 (10): \u00ab\u00a0Les Cattin de la Gru\u00e8re et des Cerlatez\u00a0\u00bb &#8211; 2012 &#8211; 210 pages reli\u00e9es, 240&#215;296.<\/li>\n\n\n\n<li style=\"line-height:2\">Cahier n\u00b0 10: \u00ab\u00a0Aller au bois &#8211; \u00c9conomie et techniques foresti\u00e8res dans le Haut-Doubs et le Clos du Doubs\u00a0\u00bb. \u00c9dition Ghete Au Clos du Doubs, d\u00e9cembre 2017, 300 pages 21 x 29,5 cm, 200 illustrations. ISBN 978-2-8399-2299-9. <a href=\"https:\/\/www.ghete.org\/wp-content\/uploads\/2026\/06\/souscription_cahier_foret.pdf\">Voir plus ici &gt;&gt;&gt;<\/a><\/li>\n\n\n\n<li style=\"line-height:2\">Cahier n\u00b0 11: \u00ab\u00a0Le ch\u00e2teau de Vaufrey et ses jardins\u00a0\u00bb.&nbsp;\u00c9dition Ghete Au Clos du Doubs, d\u00e9cembre 2025, 116 pages 21 x 29,5 cm, 131 illustrations. ISBN 979-10-981828- 0-8.&nbsp;Paru le 4&nbsp; d\u00e9cembre 2025. <a href=\"https:\/\/www.ghete.org\/wp-content\/uploads\/2026\/06\/cahier_vaufrey_2025_couvertur_dos6mm.pdf\">Voir plus ici &gt;&gt;&gt;<\/a><\/li>\n<\/ul>\n\n\n\n<h4 class=\"wp-block-heading has-medium-font-size\"><strong>Pour commander des publications du Ghete: <\/strong><\/h4>\n\n\n\n<p class=\"wp-block-paragraph\" style=\"line-height:0.5\"><a href=\"mailto:publicationsGHETE@ghete.org\">publicationsGHETE@ghete.org<\/a>&nbsp;<\/p>\n\n\n\n<p class=\"wp-block-paragraph\" style=\"line-height:0.5\">ou<\/p>\n\n\n\n<p class=\"wp-block-paragraph\" style=\"line-height:0.5\"> Ren\u00e9 Bouchet, 17 Grand&rsquo;Rue, 25470 Charmauvillers F<\/p>\n\n\n\n<h3 class=\"wp-block-heading\" style=\"padding-top:var(--wp--preset--spacing--40);padding-bottom:var(--wp--preset--spacing--10)\"><strong>La commission de r\u00e9daction<\/strong><\/h3>\n\n\n\n<p class=\"wp-block-paragraph\">Une commission de r\u00e9daction de six membres d\u00e9cide des textes \u00e0 publier et pr\u00e9pare le contenu de chaque \u00e9dition. <a href=\"mailto:redaction@ghete.org\" target=\"_blank\" rel=\"noopener\">Contacter <\/a>la r\u00e9daction.<\/p>\n\n\n\n<ul class=\"wp-block-list\">\n<li style=\"line-height:2\">Paul Boillat, Le Bo\u00e9chet 22, 2336 Les Bois CH (coordinateur) <a href=\"mailto:redaction@ghete.org\"><em>redaction@ghete.org<\/em><\/a><\/li>\n\n\n\n<li style=\"line-height:2\">Georges Cattin, 2300 La Chaux-de-Fonds ;<\/li>\n\n\n\n<li style=\"line-height:2\">Philippe Riat, \u00c9piquerez CH;<\/li>\n\n\n\n<li style=\"line-height:2\">Claude Lallemand, Bief F;<\/li>\n\n\n\n<li style=\"line-height:2\">Christiane Cattin, 2300 La Chaux-de-Fonds<\/li>\n\n\n\n<li style=\"line-height:2\">Gilbert Baudoin, Mont\u00e9cheroux F.<\/li>\n<\/ul>\n\n\n\n<p class=\"wp-block-paragraph\"><em>L&rsquo;\u00e9quipe de r\u00e9daction fait tout son possible pour vous livrer des publications de haute qualit\u00e9. Si toutefois vous recevez un exemplaire comportant un d\u00e9faut, n&rsquo;h\u00e9sitez pas \u00e0 nous contacter: il vous sera remplac\u00e9 sans autre.<\/em><br><em>Laisser un message<strong>&nbsp;<a href=\"mailto:ghete@ghete.org\">ici<\/a><\/strong> ou appeler: France, le 03 81 44 54 37; Suisse, le 032 961 14 53.<\/em><\/p>\n\n\n\n<p class=\"wp-block-paragraph\"><\/p>\n","protected":false},"excerpt":{"rendered":"<p>Le Ghete Au Clos du Doubs publie ses travaux dans sa revue bimestrielle et dans des cahiers th\u00e9matiques. La revue GHETE Au Clos du Doubs Six fois par ann\u00e9e, le Ghete publie une revue de 24 pages illustr\u00e9es destin\u00e9e \u00e0 ses adh\u00e9rents. On y trouve: Chacun peut proposer une contribution destin\u00e9e \u00e0 la revue. La [&hellip;]<\/p>\n","protected":false},"author":1,"featured_media":0,"parent":0,"menu_order":0,"comment_status":"closed","ping_status":"closed","template":"","meta":{"footnotes":""},"class_list":["post-461","page","type-page","status-publish","hentry"],"_links":{"self":[{"href":"https:\/\/www.ghete.org\/index.php?rest_route=\/wp\/v2\/pages\/461","targetHints":{"allow":["GET"]}}],"collection":[{"href":"https:\/\/www.ghete.org\/index.php?rest_route=\/wp\/v2\/pages"}],"about":[{"href":"https:\/\/www.ghete.org\/index.php?rest_route=\/wp\/v2\/types\/page"}],"author":[{"embeddable":true,"href":"https:\/\/www.ghete.org\/index.php?rest_route=\/wp\/v2\/users\/1"}],"replies":[{"embeddable":true,"href":"https:\/\/www.ghete.org\/index.php?rest_route=%2Fwp%2Fv2%2Fcomments&post=461"}],"version-history":[{"count":11,"href":"https:\/\/www.ghete.org\/index.php?rest_route=\/wp\/v2\/pages\/461\/revisions"}],"predecessor-version":[{"id":865,"href":"https:\/\/www.ghete.org\/index.php?rest_route=\/wp\/v2\/pages\/461\/revisions\/865"}],"wp:attachment":[{"href":"https:\/\/www.ghete.org\/index.php?rest_route=%2Fwp%2Fv2%2Fmedia&parent=461"}],"curies":[{"name":"wp","href":"https:\/\/api.w.org\/{rel}","templated":true}]}}