{"id":7,"date":"2024-12-21T08:56:18","date_gmt":"2024-12-21T08:56:18","guid":{"rendered":"http:\/\/twenty340.wordpress.com\/?page_id=1"},"modified":"2026-06-27T15:30:26","modified_gmt":"2026-06-27T15:30:26","slug":"a-propos","status":"publish","type":"page","link":"https:\/\/www.ghete.org\/?page_id=7","title":{"rendered":"Historique"},"content":{"rendered":"\n<p class=\"has-medium-font-size wp-block-paragraph\" style=\"line-height:1.8\">Le Ghete Au Clos du Doubs est n\u00e9 d\u2019une r\u00e9union de famille, une \u00ab cousinade \u00bb, comme on dit en France. Les descendants de la famille Ma\u00eetre avaient pris la bonne habitude de se retrouver de temps \u00e0 autres pour garder des liens. Dans ce contexte, l\u2019un d\u2019eux, Bernard Narbey, journaliste \u00e0 Besan\u00e7on, eut l\u2019id\u00e9e d\u2019\u00e9diter un feuillet de liaison. Puis, se rendant compte des nombreux points communs et liens familiaux existants de part et d\u2019autre de la fronti\u00e8re, il fonda notre association en 1992, entour\u00e9e de quelques amis. La r\u00e9union constitutive s\u2019est tenue dans une ferme des Plains-et-Grands-Essarts.<\/p>\n\n\n\n<p class=\"wp-block-paragraph\">Au fil du temps, des groupes de travail th\u00e9matiques se sont constitu\u00e9s, des journ\u00e9es d\u2019\u00e9tude et de d\u00e9couverte ont \u00e9t\u00e9 mises sur pied, et le feuillet est devenu une revue bimestrielle.<\/p>\n\n\n\n<p class=\"wp-block-paragraph\">L\u2019association a pour but de mieux se conna\u00eetre et de mieux conna\u00eetre notre r\u00e9gion transnationale. Toute personne int\u00e9ress\u00e9e peut nous rejoindre, dans le respect des autres et des diversit\u00e9s d\u2019opinion.\u00a0 Bienvenue au Ghete Au Clos du Doubs ! Nos coordonn\u00e9es : voir ici >>> <a href=\"https:\/\/www.ghete.org\/?page_id=440\"><em>Nous contacte<\/em>r<\/a>.<\/p>\n","protected":false},"excerpt":{"rendered":"<p>Le Ghete Au Clos du Doubs est n\u00e9 d\u2019une r\u00e9union de famille, une \u00ab cousinade \u00bb, comme on dit en France. Les descendants de la famille Ma\u00eetre avaient pris la bonne habitude de se retrouver de temps \u00e0 autres pour garder des liens. Dans ce contexte, l\u2019un d\u2019eux, Bernard Narbey, journaliste \u00e0 Besan\u00e7on, eut l\u2019id\u00e9e [&hellip;]<\/p>\n","protected":false},"author":1,"featured_media":0,"parent":0,"menu_order":0,"comment_status":"closed","ping_status":"open","template":"","meta":{"footnotes":""},"class_list":["post-7","page","type-page","status-publish","hentry"],"_links":{"self":[{"href":"https:\/\/www.ghete.org\/index.php?rest_route=\/wp\/v2\/pages\/7","targetHints":{"allow":["GET"]}}],"collection":[{"href":"https:\/\/www.ghete.org\/index.php?rest_route=\/wp\/v2\/pages"}],"about":[{"href":"https:\/\/www.ghete.org\/index.php?rest_route=\/wp\/v2\/types\/page"}],"author":[{"embeddable":true,"href":"https:\/\/www.ghete.org\/index.php?rest_route=\/wp\/v2\/users\/1"}],"replies":[{"embeddable":true,"href":"https:\/\/www.ghete.org\/index.php?rest_route=%2Fwp%2Fv2%2Fcomments&post=7"}],"version-history":[{"count":1,"href":"https:\/\/www.ghete.org\/index.php?rest_route=\/wp\/v2\/pages\/7\/revisions"}],"predecessor-version":[{"id":847,"href":"https:\/\/www.ghete.org\/index.php?rest_route=\/wp\/v2\/pages\/7\/revisions\/847"}],"wp:attachment":[{"href":"https:\/\/www.ghete.org\/index.php?rest_route=%2Fwp%2Fv2%2Fmedia&parent=7"}],"curies":[{"name":"wp","href":"https:\/\/api.w.org\/{rel}","templated":true}]}}